{"id":726,"date":"2026-04-10T20:09:38","date_gmt":"2026-04-10T20:09:38","guid":{"rendered":"https:\/\/mariferreiraconfeitaria.com.br\/?page_id=726"},"modified":"2026-06-30T18:28:24","modified_gmt":"2026-06-30T18:28:24","slug":"nossa-historia","status":"publish","type":"page","link":"https:\/\/mariferreiraconfeitaria.com.br\/?page_id=726","title":{"rendered":"Nossa Hist\u00f3ria"},"content":{"rendered":"\t\t<div data-elementor-type=\"wp-page\" data-elementor-id=\"726\" class=\"elementor elementor-726\" data-elementor-post-type=\"page\">\n\t\t\t\t\t\t<section class=\"elementor-section elementor-top-section elementor-element elementor-element-ca200eb elementor-section-full_width elementor-section-height-default elementor-section-height-default\" data-id=\"ca200eb\" data-element_type=\"section\" data-e-type=\"section\" data-settings=\"{&quot;background_background&quot;:&quot;classic&quot;,&quot;shape_divider_bottom&quot;:&quot;split&quot;,&quot;shape_divider_bottom_negative&quot;:&quot;yes&quot;}\">\n\t\t\t\t\t<div class=\"elementor-shape elementor-shape-bottom\" aria-hidden=\"true\" data-negative=\"true\">\n\t\t\t<svg xmlns=\"http:\/\/www.w3.org\/2000\/svg\" viewBox=\"0 0 1000 20\" preserveAspectRatio=\"none\">\n\t<path class=\"elementor-shape-fill\" d=\"M519.8,0.2c-11,0-19.8,8.5-19.8,19c0-10.4-8.8-19-19.8-19L0,0v20h1000V0.2H519.8z\"\/>\n<\/svg>\t\t<\/div>\n\t\t\t\t\t<div class=\"elementor-container elementor-column-gap-default\">\n\t\t\t\t\t<div class=\"elementor-column elementor-col-100 elementor-top-column elementor-element elementor-element-66c6b70\" data-id=\"66c6b70\" data-element_type=\"column\" data-e-type=\"column\" data-settings=\"{&quot;background_background&quot;:&quot;classic&quot;}\">\n\t\t\t<div class=\"elementor-widget-wrap\">\n\t\t\t\t\t\t\t<\/div>\n\t\t<\/div>\n\t\t\t\t\t<\/div>\n\t\t<\/section>\n\t\t\t\t<section class=\"elementor-section elementor-top-section elementor-element elementor-element-3df2ad1 elementor-section-boxed elementor-section-height-default elementor-section-height-default\" data-id=\"3df2ad1\" data-element_type=\"section\" data-e-type=\"section\">\n\t\t\t\t\t\t<div class=\"elementor-container elementor-column-gap-narrow\">\n\t\t\t\t\t<div class=\"elementor-column elementor-col-33 elementor-top-column elementor-element elementor-element-baac84c\" data-id=\"baac84c\" data-element_type=\"column\" data-e-type=\"column\">\n\t\t\t<div class=\"elementor-widget-wrap elementor-element-populated\">\n\t\t\t\t\t\t<div class=\"elementor-element elementor-element-61ebe7b elementor-widget elementor-widget-image\" data-id=\"61ebe7b\" data-element_type=\"widget\" data-e-type=\"widget\" data-widget_type=\"image.default\">\n\t\t\t\t<div class=\"elementor-widget-container\">\n\t\t\t\t\t\t\t\t\t\t\t\t\t\t\t<img fetchpriority=\"high\" decoding=\"async\" width=\"464\" height=\"156\" src=\"https:\/\/mariferreiraconfeitaria.com.br\/wp-content\/uploads\/2026\/05\/dcorativo-esquerda.png\" class=\"attachment-full size-full wp-image-1384\" alt=\"\" srcset=\"https:\/\/mariferreiraconfeitaria.com.br\/wp-content\/uploads\/2026\/05\/dcorativo-esquerda.png 464w, https:\/\/mariferreiraconfeitaria.com.br\/wp-content\/uploads\/2026\/05\/dcorativo-esquerda-300x101.png 300w\" sizes=\"(max-width: 464px) 100vw, 464px\" \/>\t\t\t\t\t\t\t\t\t\t\t\t\t\t\t<\/div>\n\t\t\t\t<\/div>\n\t\t\t\t\t<\/div>\n\t\t<\/div>\n\t\t\t\t<div class=\"elementor-column elementor-col-33 elementor-top-column elementor-element elementor-element-dc64892\" data-id=\"dc64892\" data-element_type=\"column\" data-e-type=\"column\">\n\t\t\t<div class=\"elementor-widget-wrap elementor-element-populated\">\n\t\t\t\t\t\t<div class=\"elementor-element elementor-element-edf0204 elementor-widget elementor-widget-heading\" data-id=\"edf0204\" data-element_type=\"widget\" data-e-type=\"widget\" data-widget_type=\"heading.default\">\n\t\t\t\t<div class=\"elementor-widget-container\">\n\t\t\t\t\t<h2 class=\"elementor-heading-title elementor-size-default\">Nossa  Hist\u00f3ria<\/h2>\t\t\t\t<\/div>\n\t\t\t\t<\/div>\n\t\t\t\t\t<\/div>\n\t\t<\/div>\n\t\t\t\t<div class=\"elementor-column elementor-col-33 elementor-top-column elementor-element elementor-element-653789f\" data-id=\"653789f\" data-element_type=\"column\" data-e-type=\"column\">\n\t\t\t<div class=\"elementor-widget-wrap elementor-element-populated\">\n\t\t\t\t\t\t<div class=\"elementor-element elementor-element-1c887d6 elementor-widget elementor-widget-image\" data-id=\"1c887d6\" data-element_type=\"widget\" data-e-type=\"widget\" data-widget_type=\"image.default\">\n\t\t\t\t<div class=\"elementor-widget-container\">\n\t\t\t\t\t\t\t\t\t\t\t\t\t\t\t<img decoding=\"async\" width=\"464\" height=\"156\" src=\"https:\/\/mariferreiraconfeitaria.com.br\/wp-content\/uploads\/2026\/05\/dcorativo-direita.png\" class=\"attachment-full size-full wp-image-1383\" alt=\"\" srcset=\"https:\/\/mariferreiraconfeitaria.com.br\/wp-content\/uploads\/2026\/05\/dcorativo-direita.png 464w, https:\/\/mariferreiraconfeitaria.com.br\/wp-content\/uploads\/2026\/05\/dcorativo-direita-300x101.png 300w\" sizes=\"(max-width: 464px) 100vw, 464px\" \/>\t\t\t\t\t\t\t\t\t\t\t\t\t\t\t<\/div>\n\t\t\t\t<\/div>\n\t\t\t\t\t<\/div>\n\t\t<\/div>\n\t\t\t\t\t<\/div>\n\t\t<\/section>\n\t\t\t\t<section class=\"elementor-section elementor-top-section elementor-element elementor-element-3dd91ff elementor-section-boxed elementor-section-height-default elementor-section-height-default elementor-invisible\" data-id=\"3dd91ff\" data-element_type=\"section\" data-e-type=\"section\" data-settings=\"{&quot;background_background&quot;:&quot;classic&quot;,&quot;animation&quot;:&quot;slideInRight&quot;}\">\n\t\t\t\t\t\t<div class=\"elementor-container elementor-column-gap-default\">\n\t\t\t\t\t<div class=\"elementor-column elementor-col-100 elementor-top-column elementor-element elementor-element-cc0c287\" data-id=\"cc0c287\" data-element_type=\"column\" data-e-type=\"column\" data-settings=\"{&quot;background_background&quot;:&quot;classic&quot;}\">\n\t\t\t<div class=\"elementor-widget-wrap elementor-element-populated\">\n\t\t\t\t\t\t<div class=\"elementor-element elementor-element-e6718f8 elementor-widget__width-initial elementor-widget elementor-widget-text-editor\" data-id=\"e6718f8\" data-element_type=\"widget\" data-e-type=\"widget\" data-widget_type=\"text-editor.default\">\n\t\t\t\t<div class=\"elementor-widget-container\">\n\t\t\t\t\t\t\t\t\t<p><span style=\"font-size: 22px;\">Meu nome \u00e9 Mariana,<br \/><\/span> mas sou carinhosamente conhecida como Mari.<\/p><p>H\u00e1 18 anos vivo no mundo dos doces. Por muito tempo conciliei meu amor pela confeitaria com outros trabalhos, mas, h\u00e1 5 anos, montei meu atelier e decidi me dedicar exclusivamente \u00e0 confeitaria e a transformar essa paix\u00e3o em profiss\u00e3o e prop\u00f3sito.<\/p><p>Minha hist\u00f3ria com os doces nasceu dentro de casa, cercada por mulheres incr\u00edveis que faziam verdadeiras del\u00edcias: minhas av\u00f3s, que hoje vivem em nossas mem\u00f3rias, e minha m\u00e3e, que continua ao meu lado me ajudando sempre. Tamb\u00e9m conto com a parceria e apoio do meu pai e do meu marido, principalmente nas tarefas mais pesadas, literalmente. \u00c9 por isso que cada doce carrega tanto significado \u2014 eles nascem de um ambiente familiar, com muito amor, uni\u00e3o e dedica\u00e7\u00e3o.<\/p><p>Acredito que o doce tem o poder de despertar mem\u00f3rias afetivas: o cheiro, o sabor, a textura\u2026 tudo pode nos levar de volta a momentos especiais. Aquele bolo presente em todos os mesvers\u00e1rios do seu filho que deixam aquele gostinho de saudade, o bem-casado que faz voc\u00ea lembrar com emo\u00e7\u00e3o do dia do seu casamento, o brownie que \u00e9 imposs\u00edvel comer um s\u00f3 e est\u00e1 presente em todas as ocasi\u00f5es e dos doces finos que marcam celebra\u00e7\u00f5es \u00fanicas.<\/p><p>\u00c9 essa emo\u00e7\u00e3o que me move!<\/p><p>Meu prop\u00f3sito \u00e9 ado\u00e7ar momentos e torn\u00e1-los ainda mais especiais, criando experi\u00eancias que aquecem o cora\u00e7\u00e3o e ficam guardadas pra sempre na mem\u00f3ria.<\/p><p>Todos os doces da Mari Ferreira Confeitaria s\u00e3o preparados artesanalmente, com cuidado, carinho e aten\u00e7\u00e3o a cada detalhe, para fazer parte dos mais diversos eventos e das hist\u00f3rias mais importantes da sua vida.<\/p><p><img decoding=\"async\" class=\"alignnone wp-image-657\" src=\"https:\/\/mariferreiraconfeitaria.com.br\/wp-content\/uploads\/2022\/01\/cropped-Imagem8-300x166.png\" alt=\"\" width=\"206\" height=\"114\" srcset=\"https:\/\/mariferreiraconfeitaria.com.br\/wp-content\/uploads\/2022\/01\/cropped-Imagem8-300x166.png 300w, https:\/\/mariferreiraconfeitaria.com.br\/wp-content\/uploads\/2022\/01\/cropped-Imagem8-1024x565.png 1024w, https:\/\/mariferreiraconfeitaria.com.br\/wp-content\/uploads\/2022\/01\/cropped-Imagem8-768x424.png 768w, https:\/\/mariferreiraconfeitaria.com.br\/wp-content\/uploads\/2022\/01\/cropped-Imagem8-1536x848.png 1536w, https:\/\/mariferreiraconfeitaria.com.br\/wp-content\/uploads\/2022\/01\/cropped-Imagem8-174x96.png 174w, https:\/\/mariferreiraconfeitaria.com.br\/wp-content\/uploads\/2022\/01\/cropped-Imagem8.png 1642w\" sizes=\"(max-width: 206px) 100vw, 206px\" \/><\/p>\t\t\t\t\t\t\t\t<\/div>\n\t\t\t\t<\/div>\n\t\t\t\t\t<\/div>\n\t\t<\/div>\n\t\t\t\t\t<\/div>\n\t\t<\/section>\n\t\t\t\t<\/div>\n\t\t","protected":false},"excerpt":{"rendered":"<p>Nossa Hist\u00f3ria Meu nome \u00e9 Mariana, mas sou carinhosamente conhecida como Mari. H\u00e1 18 anos vivo no mundo dos doces. Por muito tempo conciliei meu amor pela confeitaria com outros trabalhos, mas, h\u00e1 5 anos, montei meu atelier e decidi me dedicar exclusivamente \u00e0 confeitaria e a transformar essa paix\u00e3o em profiss\u00e3o e prop\u00f3sito. Minha [&hellip;]<\/p>\n","protected":false},"author":3,"featured_media":0,"parent":0,"menu_order":0,"comment_status":"closed","ping_status":"closed","template":"","meta":{"footnotes":""},"class_list":["post-726","page","type-page","status-publish","hentry"],"aioseo_notices":[],"aioseo_head":"\n\t\t<!-- All in One SEO 5.0.0.1 - aioseo.com -->\n\t<meta name=\"description\" content=\"Nossa Hist\u00f3ria Meu nome \u00e9 Mariana, mas sou carinhosamente conhecida como Mari. H\u00e1 18 anos vivo no mundo dos doces. Por muito tempo conciliei meu amor pela confeitaria com outros trabalhos, mas, h\u00e1 5 anos, montei meu atelier e decidi me dedicar exclusivamente \u00e0 confeitaria e a transformar essa paix\u00e3o em profiss\u00e3o e prop\u00f3sito. Minha\" \/>\n\t<meta name=\"robots\" content=\"max-image-preview:large\" \/>\n\t<link rel=\"canonical\" href=\"https:\/\/mariferreiraconfeitaria.com.br\/?page_id=726\" \/>\n\t<meta name=\"generator\" content=\"All in One SEO (AIOSEO) 5.0.0.1\" \/>\n\t\t<meta property=\"og:locale\" content=\"pt_BR\" \/>\n\t\t<meta property=\"og:site_name\" content=\"mariferreiraconfeitaria.com.br - Mari Ferreira Confeitaria\" \/>\n\t\t<meta property=\"og:type\" content=\"article\" \/>\n\t\t<meta property=\"og:title\" content=\"Nossa Hist\u00f3ria - mariferreiraconfeitaria.com.br\" \/>\n\t\t<meta property=\"og:description\" content=\"Nossa Hist\u00f3ria Meu nome \u00e9 Mariana, mas sou carinhosamente conhecida como Mari. H\u00e1 18 anos vivo no mundo dos doces. Por muito tempo conciliei meu amor pela confeitaria com outros trabalhos, mas, h\u00e1 5 anos, montei meu atelier e decidi me dedicar exclusivamente \u00e0 confeitaria e a transformar essa paix\u00e3o em profiss\u00e3o e prop\u00f3sito. Minha\" \/>\n\t\t<meta property=\"og:url\" content=\"https:\/\/mariferreiraconfeitaria.com.br\/?page_id=726\" \/>\n\t\t<meta property=\"og:image\" content=\"https:\/\/mariferreiraconfeitaria.com.br\/wp-content\/uploads\/2022\/02\/marca-colorida.png\" \/>\n\t\t<meta property=\"og:image:secure_url\" content=\"https:\/\/mariferreiraconfeitaria.com.br\/wp-content\/uploads\/2022\/02\/marca-colorida.png\" \/>\n\t\t<meta property=\"article:published_time\" content=\"2026-04-10T20:09:38+00:00\" \/>\n\t\t<meta property=\"article:modified_time\" content=\"2026-06-30T18:28:24+00:00\" \/>\n\t\t<meta name=\"twitter:card\" content=\"summary\" \/>\n\t\t<meta name=\"twitter:title\" content=\"Nossa Hist\u00f3ria - mariferreiraconfeitaria.com.br\" \/>\n\t\t<meta name=\"twitter:description\" content=\"Nossa Hist\u00f3ria Meu nome \u00e9 Mariana, mas sou carinhosamente conhecida como Mari. H\u00e1 18 anos vivo no mundo dos doces. Por muito tempo conciliei meu amor pela confeitaria com outros trabalhos, mas, h\u00e1 5 anos, montei meu atelier e decidi me dedicar exclusivamente \u00e0 confeitaria e a transformar essa paix\u00e3o em profiss\u00e3o e prop\u00f3sito. Minha\" \/>\n\t\t<meta name=\"twitter:image\" content=\"https:\/\/mariferreiraconfeitaria.com.br\/wp-content\/uploads\/2022\/02\/marca-colorida.png\" \/>\n\t\t<script type=\"application\/ld+json\" class=\"aioseo-schema\">\n\t\t\t{\"@context\":\"https:\\\/\\\/schema.org\",\"@graph\":[{\"@type\":\"BreadcrumbList\",\"@id\":\"https:\\\/\\\/mariferreiraconfeitaria.com.br\\\/?page_id=726#breadcrumblist\",\"itemListElement\":[{\"@type\":\"ListItem\",\"@id\":\"https:\\\/\\\/mariferreiraconfeitaria.com.br#listItem\",\"position\":1,\"name\":\"Home\",\"item\":\"https:\\\/\\\/mariferreiraconfeitaria.com.br\",\"nextItem\":{\"@type\":\"ListItem\",\"@id\":\"https:\\\/\\\/mariferreiraconfeitaria.com.br\\\/?page_id=726#listItem\",\"name\":\"Nossa Hist\\u00f3ria\"}},{\"@type\":\"ListItem\",\"@id\":\"https:\\\/\\\/mariferreiraconfeitaria.com.br\\\/?page_id=726#listItem\",\"position\":2,\"name\":\"Nossa Hist\\u00f3ria\",\"previousItem\":{\"@type\":\"ListItem\",\"@id\":\"https:\\\/\\\/mariferreiraconfeitaria.com.br#listItem\",\"name\":\"Home\"}}]},{\"@type\":\"Organization\",\"@id\":\"https:\\\/\\\/mariferreiraconfeitaria.com.br\\\/#organization\",\"name\":\"mariferreiraconfeitaria.com.br\",\"description\":\"Mari Ferreira Confeitaria\",\"url\":\"https:\\\/\\\/mariferreiraconfeitaria.com.br\\\/\",\"logo\":{\"@type\":\"ImageObject\",\"url\":\"https:\\\/\\\/mariferreiraconfeitaria.com.br\\\/wp-content\\\/uploads\\\/2022\\\/02\\\/marca-colorida.png\",\"@id\":\"https:\\\/\\\/mariferreiraconfeitaria.com.br\\\/?page_id=726\\\/#organizationLogo\",\"width\":1440,\"height\":900},\"image\":{\"@id\":\"https:\\\/\\\/mariferreiraconfeitaria.com.br\\\/?page_id=726\\\/#organizationLogo\"}},{\"@type\":\"WebPage\",\"@id\":\"https:\\\/\\\/mariferreiraconfeitaria.com.br\\\/?page_id=726#webpage\",\"url\":\"https:\\\/\\\/mariferreiraconfeitaria.com.br\\\/?page_id=726\",\"name\":\"Nossa Hist\\u00f3ria - mariferreiraconfeitaria.com.br\",\"description\":\"Nossa Hist\\u00f3ria Meu nome \\u00e9 Mariana, mas sou carinhosamente conhecida como Mari. H\\u00e1 18 anos vivo no mundo dos doces. Por muito tempo conciliei meu amor pela confeitaria com outros trabalhos, mas, h\\u00e1 5 anos, montei meu atelier e decidi me dedicar exclusivamente \\u00e0 confeitaria e a transformar essa paix\\u00e3o em profiss\\u00e3o e prop\\u00f3sito. Minha\",\"inLanguage\":\"pt-BR\",\"isPartOf\":{\"@id\":\"https:\\\/\\\/mariferreiraconfeitaria.com.br\\\/#website\"},\"breadcrumb\":{\"@id\":\"https:\\\/\\\/mariferreiraconfeitaria.com.br\\\/?page_id=726#breadcrumblist\"},\"datePublished\":\"2026-04-10T20:09:38-03:00\",\"dateModified\":\"2026-06-30T18:28:24-03:00\"},{\"@type\":\"WebSite\",\"@id\":\"https:\\\/\\\/mariferreiraconfeitaria.com.br\\\/#website\",\"url\":\"https:\\\/\\\/mariferreiraconfeitaria.com.br\\\/\",\"name\":\"mariferreiraconfeitaria.com.br\",\"description\":\"Mari Ferreira Confeitaria\",\"inLanguage\":\"pt-BR\",\"publisher\":{\"@id\":\"https:\\\/\\\/mariferreiraconfeitaria.com.br\\\/#organization\"}}]}\n\t\t<\/script>\n\t\t<!-- All in One SEO -->\n\n","aioseo_head_json":{"title":"Nossa Hist\u00f3ria - mariferreiraconfeitaria.com.br","description":"Nossa Hist\u00f3ria Meu nome \u00e9 Mariana, mas sou carinhosamente conhecida como Mari. H\u00e1 18 anos vivo no mundo dos doces. Por muito tempo conciliei meu amor pela confeitaria com outros trabalhos, mas, h\u00e1 5 anos, montei meu atelier e decidi me dedicar exclusivamente \u00e0 confeitaria e a transformar essa paix\u00e3o em profiss\u00e3o e prop\u00f3sito. Minha","canonical_url":"https:\/\/mariferreiraconfeitaria.com.br\/?page_id=726","robots":"max-image-preview:large","keywords":"","webmasterTools":{"miscellaneous":""},"schema":{"@context":"https:\/\/schema.org","@graph":[{"@type":"BreadcrumbList","@id":"https:\/\/mariferreiraconfeitaria.com.br\/?page_id=726#breadcrumblist","itemListElement":[{"@type":"ListItem","@id":"https:\/\/mariferreiraconfeitaria.com.br#listItem","position":1,"name":"Home","item":"https:\/\/mariferreiraconfeitaria.com.br","nextItem":{"@type":"ListItem","@id":"https:\/\/mariferreiraconfeitaria.com.br\/?page_id=726#listItem","name":"Nossa Hist\u00f3ria"}},{"@type":"ListItem","@id":"https:\/\/mariferreiraconfeitaria.com.br\/?page_id=726#listItem","position":2,"name":"Nossa Hist\u00f3ria","previousItem":{"@type":"ListItem","@id":"https:\/\/mariferreiraconfeitaria.com.br#listItem","name":"Home"}}]},{"@type":"Organization","@id":"https:\/\/mariferreiraconfeitaria.com.br\/#organization","name":"mariferreiraconfeitaria.com.br","description":"Mari Ferreira Confeitaria","url":"https:\/\/mariferreiraconfeitaria.com.br\/","logo":{"@type":"ImageObject","url":"https:\/\/mariferreiraconfeitaria.com.br\/wp-content\/uploads\/2022\/02\/marca-colorida.png","@id":"https:\/\/mariferreiraconfeitaria.com.br\/?page_id=726\/#organizationLogo","width":1440,"height":900},"image":{"@id":"https:\/\/mariferreiraconfeitaria.com.br\/?page_id=726\/#organizationLogo"}},{"@type":"WebPage","@id":"https:\/\/mariferreiraconfeitaria.com.br\/?page_id=726#webpage","url":"https:\/\/mariferreiraconfeitaria.com.br\/?page_id=726","name":"Nossa Hist\u00f3ria - mariferreiraconfeitaria.com.br","description":"Nossa Hist\u00f3ria Meu nome \u00e9 Mariana, mas sou carinhosamente conhecida como Mari. H\u00e1 18 anos vivo no mundo dos doces. Por muito tempo conciliei meu amor pela confeitaria com outros trabalhos, mas, h\u00e1 5 anos, montei meu atelier e decidi me dedicar exclusivamente \u00e0 confeitaria e a transformar essa paix\u00e3o em profiss\u00e3o e prop\u00f3sito. Minha","inLanguage":"pt-BR","isPartOf":{"@id":"https:\/\/mariferreiraconfeitaria.com.br\/#website"},"breadcrumb":{"@id":"https:\/\/mariferreiraconfeitaria.com.br\/?page_id=726#breadcrumblist"},"datePublished":"2026-04-10T20:09:38-03:00","dateModified":"2026-06-30T18:28:24-03:00"},{"@type":"WebSite","@id":"https:\/\/mariferreiraconfeitaria.com.br\/#website","url":"https:\/\/mariferreiraconfeitaria.com.br\/","name":"mariferreiraconfeitaria.com.br","description":"Mari Ferreira Confeitaria","inLanguage":"pt-BR","publisher":{"@id":"https:\/\/mariferreiraconfeitaria.com.br\/#organization"}}]},"og:locale":"pt_BR","og:site_name":"mariferreiraconfeitaria.com.br - Mari Ferreira Confeitaria","og:type":"article","og:title":"Nossa Hist\u00f3ria - mariferreiraconfeitaria.com.br","og:description":"Nossa Hist\u00f3ria Meu nome \u00e9 Mariana, mas sou carinhosamente conhecida como Mari. H\u00e1 18 anos vivo no mundo dos doces. Por muito tempo conciliei meu amor pela confeitaria com outros trabalhos, mas, h\u00e1 5 anos, montei meu atelier e decidi me dedicar exclusivamente \u00e0 confeitaria e a transformar essa paix\u00e3o em profiss\u00e3o e prop\u00f3sito. Minha","og:url":"https:\/\/mariferreiraconfeitaria.com.br\/?page_id=726","og:image":"https:\/\/mariferreiraconfeitaria.com.br\/wp-content\/uploads\/2022\/02\/marca-colorida.png","og:image:secure_url":"https:\/\/mariferreiraconfeitaria.com.br\/wp-content\/uploads\/2022\/02\/marca-colorida.png","article:published_time":"2026-04-10T20:09:38+00:00","article:modified_time":"2026-06-30T18:28:24+00:00","twitter:card":"summary","twitter:title":"Nossa Hist\u00f3ria - mariferreiraconfeitaria.com.br","twitter:description":"Nossa Hist\u00f3ria Meu nome \u00e9 Mariana, mas sou carinhosamente conhecida como Mari. H\u00e1 18 anos vivo no mundo dos doces. Por muito tempo conciliei meu amor pela confeitaria com outros trabalhos, mas, h\u00e1 5 anos, montei meu atelier e decidi me dedicar exclusivamente \u00e0 confeitaria e a transformar essa paix\u00e3o em profiss\u00e3o e prop\u00f3sito. Minha","twitter:image":"https:\/\/mariferreiraconfeitaria.com.br\/wp-content\/uploads\/2022\/02\/marca-colorida.png"},"aioseo_meta_data":{"post_id":"726","title":null,"description":null,"keywords":null,"keyphrases":{"focus":[],"additional":[]},"primary_term":null,"canonical_url":null,"og_title":null,"og_description":null,"og_object_type":"default","og_image_type":"default","og_image_url":null,"og_image_width":null,"og_image_height":null,"og_image_custom_url":null,"og_image_custom_fields":null,"og_video":"","og_custom_url":null,"og_article_section":null,"og_article_tags":null,"twitter_use_og":false,"twitter_card":"default","twitter_image_type":"default","twitter_image_url":null,"twitter_image_custom_url":null,"twitter_image_custom_fields":null,"twitter_title":null,"twitter_description":null,"schema":{"blockGraphs":[],"customGraphs":[],"default":{"data":{"Article":[],"Course":[],"Dataset":[],"FAQPage":[],"Movie":[],"Person":[],"Product":[],"ProductReview":[],"Car":[],"Recipe":[],"Service":[],"SoftwareApplication":[],"WebPage":[]},"graphName":"WebPage","isEnabled":true},"graphs":[]},"schema_type":"default","schema_type_options":null,"pillar_content":false,"robots_default":true,"robots_noindex":false,"robots_noarchive":false,"robots_nosnippet":false,"robots_nofollow":false,"robots_noimageindex":false,"robots_noodp":false,"robots_notranslate":false,"robots_max_snippet":"-1","robots_max_videopreview":"-1","robots_max_imagepreview":"large","priority":null,"frequency":"default","local_seo":null,"breadcrumb_settings":null,"limit_modified_date":false,"ai":{"faqs":[],"keyPoints":[],"titles":[],"descriptions":[],"socialPosts":{"email":[],"linkedin":[],"twitter":[],"facebook":[],"instagram":[]}},"created":"2026-03-11 19:22:12","updated":"2026-08-21 18:19:57","seo_analyzer_scan_date":null,"focus_keyword":null,"additional_keywords":null,"truseo_locale":null},"aioseo_breadcrumb":"<div class=\"aioseo-breadcrumbs\"><span class=\"aioseo-breadcrumb\">\n\t\t\t<a href=\"https:\/\/mariferreiraconfeitaria.com.br\" title=\"Home\">Home<\/a>\n\t\t<\/span><span class=\"aioseo-breadcrumb-separator\">&raquo;<\/span><span class=\"aioseo-breadcrumb\">\n\t\t\tNossa Hist\u00f3ria\n\t\t<\/span><\/div>","aioseo_breadcrumb_json":[{"label":"Home","link":"https:\/\/mariferreiraconfeitaria.com.br"},{"label":"Nossa Hist\u00f3ria","link":"https:\/\/mariferreiraconfeitaria.com.br\/?page_id=726"}],"_links":{"self":[{"href":"https:\/\/mariferreiraconfeitaria.com.br\/index.php?rest_route=\/wp\/v2\/pages\/726","targetHints":{"allow":["GET"]}}],"collection":[{"href":"https:\/\/mariferreiraconfeitaria.com.br\/index.php?rest_route=\/wp\/v2\/pages"}],"about":[{"href":"https:\/\/mariferreiraconfeitaria.com.br\/index.php?rest_route=\/wp\/v2\/types\/page"}],"author":[{"embeddable":true,"href":"https:\/\/mariferreiraconfeitaria.com.br\/index.php?rest_route=\/wp\/v2\/users\/3"}],"replies":[{"embeddable":true,"href":"https:\/\/mariferreiraconfeitaria.com.br\/index.php?rest_route=%2Fwp%2Fv2%2Fcomments&post=726"}],"version-history":[{"count":89,"href":"https:\/\/mariferreiraconfeitaria.com.br\/index.php?rest_route=\/wp\/v2\/pages\/726\/revisions"}],"predecessor-version":[{"id":2495,"href":"https:\/\/mariferreiraconfeitaria.com.br\/index.php?rest_route=\/wp\/v2\/pages\/726\/revisions\/2495"}],"wp:attachment":[{"href":"https:\/\/mariferreiraconfeitaria.com.br\/index.php?rest_route=%2Fwp%2Fv2%2Fmedia&parent=726"}],"curies":[{"name":"wp","href":"https:\/\/api.w.org\/{rel}","templated":true}]}}