{"id":973,"date":"2026-04-24T14:24:24","date_gmt":"2026-04-24T14:24:24","guid":{"rendered":"https:\/\/mariferreiraconfeitaria.com.br\/?page_id=973"},"modified":"2026-08-25T12:33:59","modified_gmt":"2026-08-25T15:33:59","slug":"produtos","status":"publish","type":"page","link":"https:\/\/mariferreiraconfeitaria.com.br\/?page_id=973","title":{"rendered":"Produtos"},"content":{"rendered":"\t\t<div data-elementor-type=\"wp-page\" data-elementor-id=\"973\" class=\"elementor elementor-973\" data-elementor-post-type=\"page\">\n\t\t\t\t\t\t<section class=\"elementor-section elementor-top-section elementor-element elementor-element-21fea09 elementor-section-boxed elementor-section-height-default elementor-section-height-default\" data-id=\"21fea09\" data-element_type=\"section\" data-e-type=\"section\">\n\t\t\t\t\t\t<div class=\"elementor-container elementor-column-gap-default\">\n\t\t\t\t\t<div class=\"elementor-column elementor-col-100 elementor-top-column elementor-element elementor-element-41726fb\" data-id=\"41726fb\" data-element_type=\"column\" data-e-type=\"column\">\n\t\t\t<div class=\"elementor-widget-wrap elementor-element-populated\">\n\t\t\t\t\t\t<div class=\"elementor-element elementor-element-6cae021 elementor-widget elementor-widget-heading\" data-id=\"6cae021\" data-element_type=\"widget\" data-e-type=\"widget\" data-widget_type=\"heading.default\">\n\t\t\t\t<div class=\"elementor-widget-container\">\n\t\t\t\t\t<h2 class=\"elementor-heading-title elementor-size-default\">Produtos<\/h2>\t\t\t\t<\/div>\n\t\t\t\t<\/div>\n\t\t\t\t\t<\/div>\n\t\t<\/div>\n\t\t\t\t\t<\/div>\n\t\t<\/section>\n\t\t\t\t<section class=\"elementor-section elementor-top-section elementor-element elementor-element-a5c504b elementor-section-boxed elementor-section-height-default elementor-section-height-default\" data-id=\"a5c504b\" data-element_type=\"section\" data-e-type=\"section\">\n\t\t\t\t\t\t<div class=\"elementor-container elementor-column-gap-default\">\n\t\t\t\t\t<div class=\"elementor-column elementor-col-100 elementor-top-column elementor-element elementor-element-2347514\" data-id=\"2347514\" data-element_type=\"column\" data-e-type=\"column\">\n\t\t\t<div class=\"elementor-widget-wrap elementor-element-populated\">\n\t\t\t\t\t\t<div class=\"elementor-element elementor-element-d56d79a elementor-grid-3 elementor-grid-tablet-2 elementor-grid-mobile-1 elementor-invisible elementor-widget elementor-widget-portfolio\" data-id=\"d56d79a\" data-element_type=\"widget\" data-e-type=\"widget\" data-settings=\"{&quot;item_ratio&quot;:{&quot;unit&quot;:&quot;px&quot;,&quot;size&quot;:1.04,&quot;sizes&quot;:[]},&quot;row_gap&quot;:{&quot;unit&quot;:&quot;px&quot;,&quot;size&quot;:14,&quot;sizes&quot;:[]},&quot;_animation&quot;:&quot;slideInLeft&quot;,&quot;columns&quot;:&quot;3&quot;,&quot;columns_tablet&quot;:&quot;2&quot;,&quot;columns_mobile&quot;:&quot;1&quot;,&quot;item_gap&quot;:{&quot;unit&quot;:&quot;px&quot;,&quot;size&quot;:&quot;&quot;,&quot;sizes&quot;:[]}}\" data-widget_type=\"portfolio.default\">\n\t\t\t\t<div class=\"elementor-widget-container\">\n\t\t\t\t\t\t\t<div class=\"elementor-portfolio elementor-grid elementor-posts-container\" role=\"list\">\n\t\t\t\t<article class=\"elementor-portfolio-item elementor-post  post-1009 page type-page status-publish has-post-thumbnail hentry\" role=\"listitem\">\n\t\t\t<a class=\"elementor-post__thumbnail__link\" href=\"https:\/\/mariferreiraconfeitaria.com.br\/?page_id=1009\">\n\t\t\t\t<div class=\"elementor-portfolio-item__img elementor-post__thumbnail\">\n\t\t\t<img fetchpriority=\"high\" decoding=\"async\" width=\"1376\" height=\"1376\" src=\"https:\/\/mariferreiraconfeitaria.com.br\/wp-content\/uploads\/2026\/05\/CAPA-bolo-decorado.jpg\" class=\"attachment-full size-full wp-image-1357\" alt=\"\" srcset=\"https:\/\/mariferreiraconfeitaria.com.br\/wp-content\/uploads\/2026\/05\/CAPA-bolo-decorado.jpg 1376w, https:\/\/mariferreiraconfeitaria.com.br\/wp-content\/uploads\/2026\/05\/CAPA-bolo-decorado-300x300.jpg 300w, https:\/\/mariferreiraconfeitaria.com.br\/wp-content\/uploads\/2026\/05\/CAPA-bolo-decorado-1024x1024.jpg 1024w, https:\/\/mariferreiraconfeitaria.com.br\/wp-content\/uploads\/2026\/05\/CAPA-bolo-decorado-150x150.jpg 150w, https:\/\/mariferreiraconfeitaria.com.br\/wp-content\/uploads\/2026\/05\/CAPA-bolo-decorado-768x768.jpg 768w, https:\/\/mariferreiraconfeitaria.com.br\/wp-content\/uploads\/2026\/05\/CAPA-bolo-decorado-75x75.jpg 75w\" sizes=\"(max-width: 1376px) 100vw, 1376px\" \/>\t\t<\/div>\n\t\t\t\t<div class=\"elementor-portfolio-item__overlay\">\n\t\t\t\t<h3 class=\"elementor-portfolio-item__title\">\n\t\tBolos Personalizados\t\t<\/h3>\n\t\t\t\t<\/div>\n\t\t\t\t<\/a>\n\t\t<\/article>\n\t\t\t\t<article class=\"elementor-portfolio-item elementor-post  post-999 page type-page status-publish has-post-thumbnail hentry\" role=\"listitem\">\n\t\t\t<a class=\"elementor-post__thumbnail__link\" href=\"https:\/\/mariferreiraconfeitaria.com.br\/?page_id=999\">\n\t\t\t\t<div class=\"elementor-portfolio-item__img elementor-post__thumbnail\">\n\t\t\t<img decoding=\"async\" width=\"1376\" height=\"1376\" src=\"https:\/\/mariferreiraconfeitaria.com.br\/wp-content\/uploads\/2026\/05\/CAPA-doce-tradicional2.jpg\" class=\"attachment-full size-full wp-image-1374\" alt=\"\" srcset=\"https:\/\/mariferreiraconfeitaria.com.br\/wp-content\/uploads\/2026\/05\/CAPA-doce-tradicional2.jpg 1376w, https:\/\/mariferreiraconfeitaria.com.br\/wp-content\/uploads\/2026\/05\/CAPA-doce-tradicional2-300x300.jpg 300w, https:\/\/mariferreiraconfeitaria.com.br\/wp-content\/uploads\/2026\/05\/CAPA-doce-tradicional2-1024x1024.jpg 1024w, https:\/\/mariferreiraconfeitaria.com.br\/wp-content\/uploads\/2026\/05\/CAPA-doce-tradicional2-150x150.jpg 150w, https:\/\/mariferreiraconfeitaria.com.br\/wp-content\/uploads\/2026\/05\/CAPA-doce-tradicional2-768x768.jpg 768w, https:\/\/mariferreiraconfeitaria.com.br\/wp-content\/uploads\/2026\/05\/CAPA-doce-tradicional2-75x75.jpg 75w\" sizes=\"(max-width: 1376px) 100vw, 1376px\" \/>\t\t<\/div>\n\t\t\t\t<div class=\"elementor-portfolio-item__overlay\">\n\t\t\t\t<h3 class=\"elementor-portfolio-item__title\">\n\t\tDoces Tradicionais\t\t<\/h3>\n\t\t\t\t<\/div>\n\t\t\t\t<\/a>\n\t\t<\/article>\n\t\t\t\t<article class=\"elementor-portfolio-item elementor-post  post-989 page type-page status-publish has-post-thumbnail hentry\" role=\"listitem\">\n\t\t\t<a class=\"elementor-post__thumbnail__link\" href=\"https:\/\/mariferreiraconfeitaria.com.br\/?page_id=989\">\n\t\t\t\t<div class=\"elementor-portfolio-item__img elementor-post__thumbnail\">\n\t\t\t<img decoding=\"async\" width=\"1376\" height=\"1259\" src=\"https:\/\/mariferreiraconfeitaria.com.br\/wp-content\/uploads\/2026\/05\/CAPA-docesfinos2.jpg\" class=\"attachment-full size-full wp-image-1321\" alt=\"\" srcset=\"https:\/\/mariferreiraconfeitaria.com.br\/wp-content\/uploads\/2026\/05\/CAPA-docesfinos2.jpg 1376w, https:\/\/mariferreiraconfeitaria.com.br\/wp-content\/uploads\/2026\/05\/CAPA-docesfinos2-300x274.jpg 300w, https:\/\/mariferreiraconfeitaria.com.br\/wp-content\/uploads\/2026\/05\/CAPA-docesfinos2-1024x937.jpg 1024w, https:\/\/mariferreiraconfeitaria.com.br\/wp-content\/uploads\/2026\/05\/CAPA-docesfinos2-768x703.jpg 768w\" sizes=\"(max-width: 1376px) 100vw, 1376px\" \/>\t\t<\/div>\n\t\t\t\t<div class=\"elementor-portfolio-item__overlay\">\n\t\t\t\t<h3 class=\"elementor-portfolio-item__title\">\n\t\tDoces Finos\t\t<\/h3>\n\t\t\t\t<\/div>\n\t\t\t\t<\/a>\n\t\t<\/article>\n\t\t\t\t<article class=\"elementor-portfolio-item elementor-post  post-997 page type-page status-publish has-post-thumbnail hentry\" role=\"listitem\">\n\t\t\t<a class=\"elementor-post__thumbnail__link\" href=\"https:\/\/mariferreiraconfeitaria.com.br\/?page_id=997\">\n\t\t\t\t<div class=\"elementor-portfolio-item__img elementor-post__thumbnail\">\n\t\t\t<img loading=\"lazy\" decoding=\"async\" width=\"1376\" height=\"1376\" src=\"https:\/\/mariferreiraconfeitaria.com.br\/wp-content\/uploads\/2026\/06\/CAPA-bem-bronwie3.jpg\" class=\"attachment-full size-full wp-image-1959\" alt=\"\" srcset=\"https:\/\/mariferreiraconfeitaria.com.br\/wp-content\/uploads\/2026\/06\/CAPA-bem-bronwie3.jpg 1376w, https:\/\/mariferreiraconfeitaria.com.br\/wp-content\/uploads\/2026\/06\/CAPA-bem-bronwie3-300x300.jpg 300w, https:\/\/mariferreiraconfeitaria.com.br\/wp-content\/uploads\/2026\/06\/CAPA-bem-bronwie3-1024x1024.jpg 1024w, https:\/\/mariferreiraconfeitaria.com.br\/wp-content\/uploads\/2026\/06\/CAPA-bem-bronwie3-150x150.jpg 150w, https:\/\/mariferreiraconfeitaria.com.br\/wp-content\/uploads\/2026\/06\/CAPA-bem-bronwie3-768x768.jpg 768w, https:\/\/mariferreiraconfeitaria.com.br\/wp-content\/uploads\/2026\/06\/CAPA-bem-bronwie3-75x75.jpg 75w\" sizes=\"(max-width: 1376px) 100vw, 1376px\" \/>\t\t<\/div>\n\t\t\t\t<div class=\"elementor-portfolio-item__overlay\">\n\t\t\t\t<h3 class=\"elementor-portfolio-item__title\">\n\t\tBem Brownies\t\t<\/h3>\n\t\t\t\t<\/div>\n\t\t\t\t<\/a>\n\t\t<\/article>\n\t\t\t\t<article class=\"elementor-portfolio-item elementor-post  post-995 page type-page status-publish has-post-thumbnail hentry\" role=\"listitem\">\n\t\t\t<a class=\"elementor-post__thumbnail__link\" href=\"https:\/\/mariferreiraconfeitaria.com.br\/?page_id=995\">\n\t\t\t\t<div class=\"elementor-portfolio-item__img elementor-post__thumbnail\">\n\t\t\t<img loading=\"lazy\" decoding=\"async\" width=\"1376\" height=\"1376\" src=\"https:\/\/mariferreiraconfeitaria.com.br\/wp-content\/uploads\/2026\/06\/CAPA-bemcasados5.jpg\" class=\"attachment-full size-full wp-image-1961\" alt=\"\" srcset=\"https:\/\/mariferreiraconfeitaria.com.br\/wp-content\/uploads\/2026\/06\/CAPA-bemcasados5.jpg 1376w, https:\/\/mariferreiraconfeitaria.com.br\/wp-content\/uploads\/2026\/06\/CAPA-bemcasados5-300x300.jpg 300w, https:\/\/mariferreiraconfeitaria.com.br\/wp-content\/uploads\/2026\/06\/CAPA-bemcasados5-1024x1024.jpg 1024w, https:\/\/mariferreiraconfeitaria.com.br\/wp-content\/uploads\/2026\/06\/CAPA-bemcasados5-150x150.jpg 150w, https:\/\/mariferreiraconfeitaria.com.br\/wp-content\/uploads\/2026\/06\/CAPA-bemcasados5-768x768.jpg 768w, https:\/\/mariferreiraconfeitaria.com.br\/wp-content\/uploads\/2026\/06\/CAPA-bemcasados5-75x75.jpg 75w\" sizes=\"(max-width: 1376px) 100vw, 1376px\" \/>\t\t<\/div>\n\t\t\t\t<div class=\"elementor-portfolio-item__overlay\">\n\t\t\t\t<h3 class=\"elementor-portfolio-item__title\">\n\t\tBem casados\t\t<\/h3>\n\t\t\t\t<\/div>\n\t\t\t\t<\/a>\n\t\t<\/article>\n\t\t\t\t<article class=\"elementor-portfolio-item elementor-post  post-1003 page type-page status-publish has-post-thumbnail hentry\" role=\"listitem\">\n\t\t\t<a class=\"elementor-post__thumbnail__link\" href=\"https:\/\/mariferreiraconfeitaria.com.br\/?page_id=1003\">\n\t\t\t\t<div class=\"elementor-portfolio-item__img elementor-post__thumbnail\">\n\t\t\t<img loading=\"lazy\" decoding=\"async\" width=\"1376\" height=\"1376\" src=\"https:\/\/mariferreiraconfeitaria.com.br\/wp-content\/uploads\/2026\/05\/CAPA-pascoa3.jpg\" class=\"attachment-full size-full wp-image-1328\" alt=\"\" srcset=\"https:\/\/mariferreiraconfeitaria.com.br\/wp-content\/uploads\/2026\/05\/CAPA-pascoa3.jpg 1376w, https:\/\/mariferreiraconfeitaria.com.br\/wp-content\/uploads\/2026\/05\/CAPA-pascoa3-300x300.jpg 300w, https:\/\/mariferreiraconfeitaria.com.br\/wp-content\/uploads\/2026\/05\/CAPA-pascoa3-1024x1024.jpg 1024w, https:\/\/mariferreiraconfeitaria.com.br\/wp-content\/uploads\/2026\/05\/CAPA-pascoa3-150x150.jpg 150w, https:\/\/mariferreiraconfeitaria.com.br\/wp-content\/uploads\/2026\/05\/CAPA-pascoa3-768x768.jpg 768w, https:\/\/mariferreiraconfeitaria.com.br\/wp-content\/uploads\/2026\/05\/CAPA-pascoa3-75x75.jpg 75w\" sizes=\"(max-width: 1376px) 100vw, 1376px\" \/>\t\t<\/div>\n\t\t\t\t<div class=\"elementor-portfolio-item__overlay\">\n\t\t\t\t<h3 class=\"elementor-portfolio-item__title\">\n\t\tP\u00e1scoa\t\t<\/h3>\n\t\t\t\t<\/div>\n\t\t\t\t<\/a>\n\t\t<\/article>\n\t\t\t\t<article class=\"elementor-portfolio-item elementor-post  post-1005 page type-page status-publish has-post-thumbnail hentry\" role=\"listitem\">\n\t\t\t<a class=\"elementor-post__thumbnail__link\" href=\"https:\/\/mariferreiraconfeitaria.com.br\/?page_id=1005\">\n\t\t\t\t<div class=\"elementor-portfolio-item__img elementor-post__thumbnail\">\n\t\t\t<img loading=\"lazy\" decoding=\"async\" width=\"1376\" height=\"1259\" src=\"https:\/\/mariferreiraconfeitaria.com.br\/wp-content\/uploads\/2026\/05\/CAPA-natal2.jpg\" class=\"attachment-full size-full wp-image-1499\" alt=\"\" srcset=\"https:\/\/mariferreiraconfeitaria.com.br\/wp-content\/uploads\/2026\/05\/CAPA-natal2.jpg 1376w, https:\/\/mariferreiraconfeitaria.com.br\/wp-content\/uploads\/2026\/05\/CAPA-natal2-300x274.jpg 300w, https:\/\/mariferreiraconfeitaria.com.br\/wp-content\/uploads\/2026\/05\/CAPA-natal2-1024x937.jpg 1024w, https:\/\/mariferreiraconfeitaria.com.br\/wp-content\/uploads\/2026\/05\/CAPA-natal2-768x703.jpg 768w\" sizes=\"(max-width: 1376px) 100vw, 1376px\" \/>\t\t<\/div>\n\t\t\t\t<div class=\"elementor-portfolio-item__overlay\">\n\t\t\t\t<h3 class=\"elementor-portfolio-item__title\">\n\t\tNatal\t\t<\/h3>\n\t\t\t\t<\/div>\n\t\t\t\t<\/a>\n\t\t<\/article>\n\t\t\t\t<\/div>\n\t\t\t\t\t\t<\/div>\n\t\t\t\t<\/div>\n\t\t\t\t\t<\/div>\n\t\t<\/div>\n\t\t\t\t\t<\/div>\n\t\t<\/section>\n\t\t\t\t<\/div>\n\t\t","protected":false},"excerpt":{"rendered":"<p>Produtos<\/p>\n","protected":false},"author":3,"featured_media":0,"parent":0,"menu_order":0,"comment_status":"closed","ping_status":"closed","template":"","meta":{"footnotes":""},"class_list":["post-973","page","type-page","status-publish","hentry"],"aioseo_notices":[],"aioseo_head":"\n\t\t<!-- All in One SEO 5.0.0.1 - aioseo.com -->\n\t<meta name=\"description\" content=\"Produtos Natal Sabores que aquecem o cora\u00e7\u00e3o e tornam as celebra\u00e7\u00f5es ainda mais especiais, com produtos cuidadosamente preparados para compartilhar e presentear.\" \/>\n\t<meta name=\"robots\" content=\"max-image-preview:large\" \/>\n\t<link rel=\"canonical\" href=\"https:\/\/mariferreiraconfeitaria.com.br\/?page_id=1005\" \/>\n\t<meta name=\"generator\" content=\"All in One SEO (AIOSEO) 5.0.0.1\" \/>\n\t\t<meta property=\"og:locale\" content=\"pt_BR\" \/>\n\t\t<meta property=\"og:site_name\" content=\"mariferreiraconfeitaria.com.br - Mari Ferreira Confeitaria\" \/>\n\t\t<meta property=\"og:type\" content=\"article\" \/>\n\t\t<meta property=\"og:title\" content=\"Natal - mariferreiraconfeitaria.com.br\" \/>\n\t\t<meta property=\"og:description\" content=\"Produtos Natal Sabores que aquecem o cora\u00e7\u00e3o e tornam as celebra\u00e7\u00f5es ainda mais especiais, com produtos cuidadosamente preparados para compartilhar e presentear.\" \/>\n\t\t<meta property=\"og:url\" content=\"https:\/\/mariferreiraconfeitaria.com.br\/?page_id=1005\" \/>\n\t\t<meta property=\"og:image\" content=\"https:\/\/mariferreiraconfeitaria.com.br\/wp-content\/uploads\/2022\/02\/marca-colorida.png\" \/>\n\t\t<meta property=\"og:image:secure_url\" content=\"https:\/\/mariferreiraconfeitaria.com.br\/wp-content\/uploads\/2022\/02\/marca-colorida.png\" \/>\n\t\t<meta property=\"article:published_time\" content=\"2026-04-24T15:00:43+00:00\" \/>\n\t\t<meta property=\"article:modified_time\" content=\"2026-07-06T16:18:47+00:00\" \/>\n\t\t<meta name=\"twitter:card\" content=\"summary\" \/>\n\t\t<meta name=\"twitter:title\" content=\"Natal - mariferreiraconfeitaria.com.br\" \/>\n\t\t<meta name=\"twitter:description\" content=\"Produtos Natal Sabores que aquecem o cora\u00e7\u00e3o e tornam as celebra\u00e7\u00f5es ainda mais especiais, com produtos cuidadosamente preparados para compartilhar e presentear.\" \/>\n\t\t<meta name=\"twitter:image\" content=\"https:\/\/mariferreiraconfeitaria.com.br\/wp-content\/uploads\/2022\/02\/marca-colorida.png\" \/>\n\t\t<script type=\"application\/ld+json\" class=\"aioseo-schema\">\n\t\t\t{\"@context\":\"https:\\\/\\\/schema.org\",\"@graph\":[{\"@type\":\"BreadcrumbList\",\"@id\":\"https:\\\/\\\/mariferreiraconfeitaria.com.br\\\/?page_id=1005#breadcrumblist\",\"itemListElement\":[{\"@type\":\"ListItem\",\"@id\":\"https:\\\/\\\/mariferreiraconfeitaria.com.br#listItem\",\"position\":1,\"name\":\"Home\",\"item\":\"https:\\\/\\\/mariferreiraconfeitaria.com.br\",\"nextItem\":{\"@type\":\"ListItem\",\"@id\":\"https:\\\/\\\/mariferreiraconfeitaria.com.br\\\/?page_id=973#listItem\",\"name\":\"Produtos\"}},{\"@type\":\"ListItem\",\"@id\":\"https:\\\/\\\/mariferreiraconfeitaria.com.br\\\/?page_id=973#listItem\",\"position\":2,\"name\":\"Produtos\",\"previousItem\":{\"@type\":\"ListItem\",\"@id\":\"https:\\\/\\\/mariferreiraconfeitaria.com.br#listItem\",\"name\":\"Home\"}}]},{\"@type\":\"Organization\",\"@id\":\"https:\\\/\\\/mariferreiraconfeitaria.com.br\\\/#organization\",\"name\":\"mariferreiraconfeitaria.com.br\",\"description\":\"Mari Ferreira Confeitaria\",\"url\":\"https:\\\/\\\/mariferreiraconfeitaria.com.br\\\/\",\"logo\":{\"@type\":\"ImageObject\",\"url\":\"https:\\\/\\\/mariferreiraconfeitaria.com.br\\\/wp-content\\\/uploads\\\/2022\\\/02\\\/marca-colorida.png\",\"@id\":\"https:\\\/\\\/mariferreiraconfeitaria.com.br\\\/?page_id=1005\\\/#organizationLogo\",\"width\":1440,\"height\":900},\"image\":{\"@id\":\"https:\\\/\\\/mariferreiraconfeitaria.com.br\\\/?page_id=1005\\\/#organizationLogo\"}},{\"@type\":\"WebPage\",\"@id\":\"https:\\\/\\\/mariferreiraconfeitaria.com.br\\\/?page_id=1005#webpage\",\"url\":\"https:\\\/\\\/mariferreiraconfeitaria.com.br\\\/?page_id=1005\",\"name\":\"Natal - mariferreiraconfeitaria.com.br\",\"description\":\"Produtos Natal Sabores que aquecem o cora\\u00e7\\u00e3o e tornam as celebra\\u00e7\\u00f5es ainda mais especiais, com produtos cuidadosamente preparados para compartilhar e presentear.\",\"inLanguage\":\"pt-BR\",\"isPartOf\":{\"@id\":\"https:\\\/\\\/mariferreiraconfeitaria.com.br\\\/#website\"},\"breadcrumb\":{\"@id\":\"https:\\\/\\\/mariferreiraconfeitaria.com.br\\\/?page_id=1005#breadcrumblist\"},\"image\":{\"@type\":\"ImageObject\",\"url\":\"https:\\\/\\\/mariferreiraconfeitaria.com.br\\\/wp-content\\\/uploads\\\/2026\\\/05\\\/CAPA-natal2.jpg\",\"@id\":\"https:\\\/\\\/mariferreiraconfeitaria.com.br\\\/?page_id=1005\\\/#mainImage\",\"width\":1376,\"height\":1259},\"primaryImageOfPage\":{\"@id\":\"https:\\\/\\\/mariferreiraconfeitaria.com.br\\\/?page_id=1005#mainImage\"},\"datePublished\":\"2026-04-24T15:00:43-03:00\",\"dateModified\":\"2026-07-06T16:18:47-03:00\"},{\"@type\":\"WebSite\",\"@id\":\"https:\\\/\\\/mariferreiraconfeitaria.com.br\\\/#website\",\"url\":\"https:\\\/\\\/mariferreiraconfeitaria.com.br\\\/\",\"name\":\"mariferreiraconfeitaria.com.br\",\"description\":\"Mari Ferreira Confeitaria\",\"inLanguage\":\"pt-BR\",\"publisher\":{\"@id\":\"https:\\\/\\\/mariferreiraconfeitaria.com.br\\\/#organization\"}}]}\n\t\t<\/script>\n\t\t<!-- All in One SEO -->\n\n","aioseo_head_json":{"title":"Natal - mariferreiraconfeitaria.com.br","description":"Produtos Natal Sabores que aquecem o cora\u00e7\u00e3o e tornam as celebra\u00e7\u00f5es ainda mais especiais, com produtos cuidadosamente preparados para compartilhar e presentear.","canonical_url":"https:\/\/mariferreiraconfeitaria.com.br\/?page_id=1005","robots":"max-image-preview:large","keywords":"","webmasterTools":{"miscellaneous":""},"schema":{"@context":"https:\/\/schema.org","@graph":[{"@type":"BreadcrumbList","@id":"https:\/\/mariferreiraconfeitaria.com.br\/?page_id=1005#breadcrumblist","itemListElement":[{"@type":"ListItem","@id":"https:\/\/mariferreiraconfeitaria.com.br#listItem","position":1,"name":"Home","item":"https:\/\/mariferreiraconfeitaria.com.br","nextItem":{"@type":"ListItem","@id":"https:\/\/mariferreiraconfeitaria.com.br\/?page_id=973#listItem","name":"Produtos"}},{"@type":"ListItem","@id":"https:\/\/mariferreiraconfeitaria.com.br\/?page_id=973#listItem","position":2,"name":"Produtos","previousItem":{"@type":"ListItem","@id":"https:\/\/mariferreiraconfeitaria.com.br#listItem","name":"Home"}}]},{"@type":"Organization","@id":"https:\/\/mariferreiraconfeitaria.com.br\/#organization","name":"mariferreiraconfeitaria.com.br","description":"Mari Ferreira Confeitaria","url":"https:\/\/mariferreiraconfeitaria.com.br\/","logo":{"@type":"ImageObject","url":"https:\/\/mariferreiraconfeitaria.com.br\/wp-content\/uploads\/2022\/02\/marca-colorida.png","@id":"https:\/\/mariferreiraconfeitaria.com.br\/?page_id=1005\/#organizationLogo","width":1440,"height":900},"image":{"@id":"https:\/\/mariferreiraconfeitaria.com.br\/?page_id=1005\/#organizationLogo"}},{"@type":"WebPage","@id":"https:\/\/mariferreiraconfeitaria.com.br\/?page_id=1005#webpage","url":"https:\/\/mariferreiraconfeitaria.com.br\/?page_id=1005","name":"Natal - mariferreiraconfeitaria.com.br","description":"Produtos Natal Sabores que aquecem o cora\u00e7\u00e3o e tornam as celebra\u00e7\u00f5es ainda mais especiais, com produtos cuidadosamente preparados para compartilhar e presentear.","inLanguage":"pt-BR","isPartOf":{"@id":"https:\/\/mariferreiraconfeitaria.com.br\/#website"},"breadcrumb":{"@id":"https:\/\/mariferreiraconfeitaria.com.br\/?page_id=1005#breadcrumblist"},"image":{"@type":"ImageObject","url":"https:\/\/mariferreiraconfeitaria.com.br\/wp-content\/uploads\/2026\/05\/CAPA-natal2.jpg","@id":"https:\/\/mariferreiraconfeitaria.com.br\/?page_id=1005\/#mainImage","width":1376,"height":1259},"primaryImageOfPage":{"@id":"https:\/\/mariferreiraconfeitaria.com.br\/?page_id=1005#mainImage"},"datePublished":"2026-04-24T15:00:43-03:00","dateModified":"2026-07-06T16:18:47-03:00"},{"@type":"WebSite","@id":"https:\/\/mariferreiraconfeitaria.com.br\/#website","url":"https:\/\/mariferreiraconfeitaria.com.br\/","name":"mariferreiraconfeitaria.com.br","description":"Mari Ferreira Confeitaria","inLanguage":"pt-BR","publisher":{"@id":"https:\/\/mariferreiraconfeitaria.com.br\/#organization"}}]},"og:locale":"pt_BR","og:site_name":"mariferreiraconfeitaria.com.br - Mari Ferreira Confeitaria","og:type":"article","og:title":"Natal - mariferreiraconfeitaria.com.br","og:description":"Produtos Natal Sabores que aquecem o cora\u00e7\u00e3o e tornam as celebra\u00e7\u00f5es ainda mais especiais, com produtos cuidadosamente preparados para compartilhar e presentear.","og:url":"https:\/\/mariferreiraconfeitaria.com.br\/?page_id=1005","og:image":"https:\/\/mariferreiraconfeitaria.com.br\/wp-content\/uploads\/2022\/02\/marca-colorida.png","og:image:secure_url":"https:\/\/mariferreiraconfeitaria.com.br\/wp-content\/uploads\/2022\/02\/marca-colorida.png","article:published_time":"2026-04-24T15:00:43+00:00","article:modified_time":"2026-07-06T16:18:47+00:00","twitter:card":"summary","twitter:title":"Natal - mariferreiraconfeitaria.com.br","twitter:description":"Produtos Natal Sabores que aquecem o cora\u00e7\u00e3o e tornam as celebra\u00e7\u00f5es ainda mais especiais, com produtos cuidadosamente preparados para compartilhar e presentear.","twitter:image":"https:\/\/mariferreiraconfeitaria.com.br\/wp-content\/uploads\/2022\/02\/marca-colorida.png"},"aioseo_meta_data":{"post_id":"973","title":"#post_title #separator_sa #site_title","description":"#post_content","keywords":null,"keyphrases":{"focus":[],"additional":[]},"primary_term":null,"canonical_url":null,"og_title":null,"og_description":null,"og_object_type":"default","og_image_type":"default","og_image_url":null,"og_image_width":null,"og_image_height":null,"og_image_custom_url":null,"og_image_custom_fields":null,"og_video":null,"og_custom_url":null,"og_article_section":null,"og_article_tags":null,"twitter_use_og":false,"twitter_card":"default","twitter_image_type":"default","twitter_image_url":null,"twitter_image_custom_url":null,"twitter_image_custom_fields":null,"twitter_title":null,"twitter_description":null,"schema":{"blockGraphs":[],"customGraphs":[],"default":{"data":{"Article":[],"Course":[],"Dataset":[],"FAQPage":[],"Movie":[],"Person":[],"Product":[],"ProductReview":[],"Car":[],"Recipe":[],"Service":[],"SoftwareApplication":[],"WebPage":[]},"graphName":"WebPage","isEnabled":true},"graphs":[]},"schema_type":"default","schema_type_options":null,"pillar_content":false,"robots_default":true,"robots_noindex":false,"robots_noarchive":false,"robots_nosnippet":false,"robots_nofollow":false,"robots_noimageindex":false,"robots_noodp":false,"robots_notranslate":false,"robots_max_snippet":null,"robots_max_videopreview":null,"robots_max_imagepreview":"large","priority":null,"frequency":null,"local_seo":null,"breadcrumb_settings":null,"limit_modified_date":false,"ai":null,"created":"2026-04-24 14:32:16","updated":"2026-08-26 14:42:48","seo_analyzer_scan_date":null,"focus_keyword":null,"additional_keywords":null,"truseo_locale":null},"aioseo_breadcrumb":"<div class=\"aioseo-breadcrumbs\"><span class=\"aioseo-breadcrumb\">\n\t\t\t<a href=\"https:\/\/mariferreiraconfeitaria.com.br\" title=\"Home\">Home<\/a>\n\t\t<\/span><span class=\"aioseo-breadcrumb-separator\">&raquo;<\/span><span class=\"aioseo-breadcrumb\">\n\t\t\tProdutos\n\t\t<\/span><\/div>","aioseo_breadcrumb_json":[{"label":"Home","link":"https:\/\/mariferreiraconfeitaria.com.br"},{"label":"Produtos","link":"https:\/\/mariferreiraconfeitaria.com.br\/?page_id=973"}],"_links":{"self":[{"href":"https:\/\/mariferreiraconfeitaria.com.br\/index.php?rest_route=\/wp\/v2\/pages\/973","targetHints":{"allow":["GET"]}}],"collection":[{"href":"https:\/\/mariferreiraconfeitaria.com.br\/index.php?rest_route=\/wp\/v2\/pages"}],"about":[{"href":"https:\/\/mariferreiraconfeitaria.com.br\/index.php?rest_route=\/wp\/v2\/types\/page"}],"author":[{"embeddable":true,"href":"https:\/\/mariferreiraconfeitaria.com.br\/index.php?rest_route=\/wp\/v2\/users\/3"}],"replies":[{"embeddable":true,"href":"https:\/\/mariferreiraconfeitaria.com.br\/index.php?rest_route=%2Fwp%2Fv2%2Fcomments&post=973"}],"version-history":[{"count":141,"href":"https:\/\/mariferreiraconfeitaria.com.br\/index.php?rest_route=\/wp\/v2\/pages\/973\/revisions"}],"predecessor-version":[{"id":2576,"href":"https:\/\/mariferreiraconfeitaria.com.br\/index.php?rest_route=\/wp\/v2\/pages\/973\/revisions\/2576"}],"wp:attachment":[{"href":"https:\/\/mariferreiraconfeitaria.com.br\/index.php?rest_route=%2Fwp%2Fv2%2Fmedia&parent=973"}],"curies":[{"name":"wp","href":"https:\/\/api.w.org\/{rel}","templated":true}]}}